{"id":48,"date":"2023-02-06T21:31:45","date_gmt":"2023-02-06T20:31:45","guid":{"rendered":"https:\/\/myrstackensff.se\/?page_id=48"},"modified":"2025-04-28T13:36:48","modified_gmt":"2025-04-28T11:36:48","slug":"valkommen","status":"publish","type":"page","link":"https:\/\/myrstackensff.se\/","title":{"rendered":""},"content":{"rendered":"<h4>Parkeringar p\u00e5 Tomtebo g\u00e5rd<\/h4>\n<p>\t\t\t\t\t<a href=\"http:\/\/www.securitas.se\/myrstacken\" target=\"_blank\"><br \/>\n\t\t\t\t\t\t\t\t\tK\u00f6p parkeringsbiljett<br \/>\n\t\t\t\t\t<\/a><br \/>\n\t\t\t\t\t\t\t\t\t\t\t\t\t\t\t<img fetchpriority=\"high\" decoding=\"async\" width=\"800\" height=\"463\" src=\"http:\/\/myrstackensff.se\/wp-content\/uploads\/2025\/03\/Myrstacken_crop-1024x592.jpg\" alt=\"\" srcset=\"https:\/\/myrstackensff.se\/wp-content\/uploads\/2025\/03\/Myrstacken_crop-1024x592.jpg 1024w, https:\/\/myrstackensff.se\/wp-content\/uploads\/2025\/03\/Myrstacken_crop-300x173.jpg 300w, https:\/\/myrstackensff.se\/wp-content\/uploads\/2025\/03\/Myrstacken_crop-768x444.jpg 768w, https:\/\/myrstackensff.se\/wp-content\/uploads\/2025\/03\/Myrstacken_crop.jpg 1342w\" sizes=\"(max-width: 800px) 100vw, 800px\" \/>\t\t\t\t\t\t\t\t\t\t\t\t\t\t\t<\/p>\n<h2>Hej!<\/h2>\n<p>\n\n\n<\/p>\n<p>\n\n\n\n<\/p>\n<p class=\"is-layout-flex wp-container-core-columns-is-layout-1 wp-block-columns-is-layout-flex\">\n\n<\/p>\n<p class=\"is-layout-flow wp-block-column-is-layout-flow\">\n\n<\/p>\n<p>V\u00e4lkommen till Myrstacken Samf\u00e4llighetsf\u00f6rening. <br>P\u00e5 denna sida hittar du v\u00e4rdefull information s\u00e5som anv\u00e4ndarvillkor, integritetspolicy samt l\u00e4nk f\u00f6r att k\u00f6pa biljett.<\/p>\n<p>Myrstacken Samf\u00e4llighetsf\u00f6rening f\u00f6rvaltar gemensamhetsanl\u00e4ggningen Ume\u00e5 Blomsterg\u00e5rden ga:1. Gemensamhetsanl\u00e4ggningen \u00e4r ett parkeringshus med tillh\u00f6rande anl\u00e4ggningar. Bostadsr\u00e4ttsf\u00f6reningar, aktiebolag, privatpersoner och Ume\u00e5 kommun \u00e4r del\u00e4gare. Bebyggelsen inom de deltagande fastigheterna utg\u00f6rs huvudsakligen av bost\u00e4der. <\/p>\n<p>\n\n\n<\/p>\n<p>\n\n<\/p>\n<p>\n\n\n<\/p>\n<ul class=\"wp-block-latest-posts__list has-dates wp-block-latest-posts is-layout-flow wp-block-column-is-layout-flow\"><li><a class=\"wp-block-latest-posts__post-title\" href=\"https:\/\/myrstackensff.se\/?p=291\">Byte av laddtj\u00e4nstleverant\u00f6r<\/a><time datetime=\"2024-08-22T12:33:27+02:00\" class=\"wp-block-latest-posts__post-date\">22 augusti, 2024<\/time><\/li>\n<li><a class=\"wp-block-latest-posts__post-title\" href=\"https:\/\/myrstackensff.se\/?p=212\">Kvarst\u00e5ende arbeten v\u00e5r\/sommar 2023<\/a><time datetime=\"2023-02-08T12:57:17+01:00\" class=\"wp-block-latest-posts__post-date\">8 februari, 2023<\/time><\/li>\n<li><a class=\"wp-block-latest-posts__post-title\" href=\"https:\/\/myrstackensff.se\/?p=1\">Hemsida lanserad<\/a><time datetime=\"2023-02-06T16:28:59+01:00\" class=\"wp-block-latest-posts__post-date\">6 februari, 2023<\/time><\/li>\n<\/ul>\n<p>\n\n<\/p>\n<p>\n\n\n\n<\/p>\n<p>\n\n\n<p><iframe title=\"K\u00e5lhagsv\u00e4gen 24\" src=\"https:\/\/maps.google.com\/maps?q=K%C3%A5lhagsv%C3%A4gen%2024&amp;t=m&amp;z=14&amp;output=embed&amp;iwloc=near\" aria-label=\"K\u00e5lhagsv\u00e4gen 24\"><\/iframe><\/p>\n<p><strong>Myrstacken Samf\u00e4llighetsf\u00f6rening<\/strong><br \/>c\/o Brf Tillsammans i Tomtebo<br \/>K\u00e5lhagsv\u00e4gen 28 A<br \/>907 55 UME\u00c5<\/p>\n<p><a href=\"https:\/\/myrstackensff.se\/?page_id=2\"><br \/>Kontaktuppgifter<br \/><\/a><\/p>\n<p>K\u00f6p parkeringsbiljett\u00a0f\u00f6r att parkera i Myrstacken. <a href=\"http:\/\/myrstackensff.se\/wp-content\/uploads\/2023\/02\/Anvandarvillkor-Myrstacken.pdf\">Anv\u00e4ndarvillkor<\/a> och <a href=\"https:\/\/myrstackensff.se\/?page_id=80\">uthyrningspolicy<\/a> g\u00e4ller.\u00a0<\/p>","protected":false},"excerpt":{"rendered":"<p>Parkeringar p\u00e5 Tomtebo g\u00e5rd K\u00f6p parkeringsbiljett Hej! V\u00e4lkommen till Myrstacken Samf\u00e4llighetsf\u00f6rening. P\u00e5 denna sida hittar du v\u00e4rdefull information s\u00e5som anv\u00e4ndarvillkor, integritetspolicy samt l\u00e4nk f\u00f6r att k\u00f6pa biljett. Myrstacken Samf\u00e4llighetsf\u00f6rening f\u00f6rvaltar gemensamhetsanl\u00e4ggningen Ume\u00e5 Blomsterg\u00e5rden ga:1. Gemensamhetsanl\u00e4ggningen \u00e4r ett parkeringshus med tillh\u00f6rande anl\u00e4ggningar. Bostadsr\u00e4ttsf\u00f6reningar, aktiebolag, privatpersoner och Ume\u00e5 kommun \u00e4r del\u00e4gare. Bebyggelsen inom de deltagande fastigheterna utg\u00f6rs [&hellip;]<\/p>\n","protected":false},"author":1,"featured_media":0,"parent":0,"menu_order":0,"comment_status":"closed","ping_status":"closed","template":"","meta":{"_monsterinsights_skip_tracking":false,"_monsterinsights_sitenote_active":false,"_monsterinsights_sitenote_note":"","_monsterinsights_sitenote_category":0,"footnotes":""},"class_list":["post-48","page","type-page","status-publish","hentry"],"_links":{"self":[{"href":"https:\/\/myrstackensff.se\/index.php?rest_route=\/wp\/v2\/pages\/48","targetHints":{"allow":["GET"]}}],"collection":[{"href":"https:\/\/myrstackensff.se\/index.php?rest_route=\/wp\/v2\/pages"}],"about":[{"href":"https:\/\/myrstackensff.se\/index.php?rest_route=\/wp\/v2\/types\/page"}],"author":[{"embeddable":true,"href":"https:\/\/myrstackensff.se\/index.php?rest_route=\/wp\/v2\/users\/1"}],"replies":[{"embeddable":true,"href":"https:\/\/myrstackensff.se\/index.php?rest_route=%2Fwp%2Fv2%2Fcomments&post=48"}],"version-history":[{"count":6,"href":"https:\/\/myrstackensff.se\/index.php?rest_route=\/wp\/v2\/pages\/48\/revisions"}],"predecessor-version":[{"id":358,"href":"https:\/\/myrstackensff.se\/index.php?rest_route=\/wp\/v2\/pages\/48\/revisions\/358"}],"wp:attachment":[{"href":"https:\/\/myrstackensff.se\/index.php?rest_route=%2Fwp%2Fv2%2Fmedia&parent=48"}],"curies":[{"name":"wp","href":"https:\/\/api.w.org\/{rel}","templated":true}]}}